{"id":231,"date":"2024-01-12T14:24:10","date_gmt":"2024-01-12T14:24:10","guid":{"rendered":"https:\/\/cedom-madoc.be\/grand-orient-of-belgium\/"},"modified":"2024-02-13T13:47:58","modified_gmt":"2024-02-13T13:47:58","slug":"grand-orient-de-belgique","status":"publish","type":"page","link":"https:\/\/cedom-madoc.be\/fr\/grand-orient-de-belgique\/","title":{"rendered":"Grand Orient de Belgique"},"content":{"rendered":"<section id=\"block-intro-block_cea13ca11f6e81afc7a4cd6822fe419a\" class=\"block-intro\"><div class=content-wrapper><div class=intro><p>Le CEDOM est subventionn\u00e9 par le Grand Orient de Belgique et la F\u00e9d\u00e9ration Wallonie-Bruxelles. Le Grand Orient de Belgique est la plus ancienne organisation ma\u00e7onnique (ou ob\u00e9dience) encore existante en Belgique. Avec plus de 10 000 membres, elle est \u00e9galement la plus grande.<\/p>\n<\/div><\/div><\/section>\n\n\n<p>Le Grand Orient de Belgique a \u00e9t\u00e9 fond\u00e9 en 1833. Un an plus tard, le 20 novembre 1834, l&rsquo;Universit\u00e9 Libre de Bruxelles a \u00e9t\u00e9 cr\u00e9\u00e9e sous l\u2019impulsion du Grand Orient de Belgique cependant qu\u2019une universit\u00e9 catholique voyait le jour \u00e0 Malines. L&rsquo;architecte principal de ce projet \u00e9tait Pierre-Th\u00e9odore Verhaegen.<br><br>Le Grand Orient de Belgique a adopt\u00e9 une position plus anticl\u00e9ricale apr\u00e8s la condamnation \u00e9piscopale de 1837. Apr\u00e8s 1854, elle a \u00e9galement modifi\u00e9 la constitution de l&rsquo;ordre, de sorte qu&rsquo;aucun obstacle ne subsistait \u00e0 une franc-ma\u00e7onnerie politis\u00e9e. La franc-ma\u00e7onnerie belge a \u00e9t\u00e9 un r\u00e9seau important pour l&rsquo;organisation du parti lib\u00e9ral \u00e0 partir des ann\u00e9es 1840. Dans la seconde moiti\u00e9 du XIXe si\u00e8cle, la franc-ma\u00e7onnerie est m\u00eame devenue un instrument politique. Cela a chang\u00e9 avec l&rsquo;av\u00e8nement du socialisme \u00e0 la fin du XIXe si\u00e8cle, apr\u00e8s quoi la franc-ma\u00e7onnerie belge s&rsquo;est de plus en plus d\u00e9politis\u00e9e au cours du XXe si\u00e8cle. Au cours des ann\u00e9es 1860, la croyance en une vie apr\u00e8s la mort, un cr\u00e9ateur divin et une \u00e2me immortelle a \u00e9t\u00e9 progressivement abandonn\u00e9e. En 1872, le Grand Orient de Belgique a supprim\u00e9 toute r\u00e9f\u00e9rence obligatoire au Grand Architecte de l&rsquo;Univers.<br><br>La pertinence historique de la franc-ma\u00e7onnerie belge ne fait aucun doute. Les francs-ma\u00e7ons et les loges affili\u00e9es au Grand Orient de Belgique ont jou\u00e9 un r\u00f4le important dans les mouvements lib\u00e9raux et socialistes ainsi que dans le mouvement flamand. Jusqu&rsquo;\u00e0 la cr\u00e9ation du Droit Humain en Belgique en 1911, le Grand Orient de Belgique \u00e9tait la seule ob\u00e9dience belge.<br><br>En 1968, le CEDOM a \u00e9t\u00e9 cr\u00e9\u00e9 au sein du Grand Orient de Belgique. En 1983, le Grand Orient de Belgique a cr\u00e9\u00e9 la Chaire Th\u00e9odore Verhaegen. Depuis 2020, le Grand Orient de Belgique est une conf\u00e9d\u00e9ration compos\u00e9e d&rsquo;une f\u00e9d\u00e9ration masculine (exclusivement compos\u00e9e d&rsquo;hommes), d&rsquo;une f\u00e9d\u00e9ration mixte (compos\u00e9e d&rsquo;hommes et de femmes) et d&rsquo;une f\u00e9d\u00e9ration f\u00e9minine (exclusivement compos\u00e9e de femmes).<\/p>\n\n\n\n<div class=\"wp-block-buttons is-layout-flex wp-block-buttons-is-layout-flex\">\n<div class=\"wp-block-button\"><a class=\"wp-block-button__link wp-element-button\" href=\"https:\/\/gob.be\/\" target=\"_blank\" rel=\"noreferrer noopener\">Plus d&rsquo;informations sur le Grand Orient de Belgique<\/a><\/div>\n<\/div>\n\n\n<section id=\"internal-navigation-block_98f269f249ffa519cffa6943de443185\" class=\"internal-navigation\"><h4>Voir plus<\/h4><div class=nav-bg style=\"background-image:url(https:\/\/cedom-madoc.be\/wp-content\/uploads\/2024\/01\/IMG_1254-1800.jpg);\"><\/div><nav class=content-wrapper><ul class=links><li class=\"count-2\"><a class=\"button block cut-corners cut-1\" href=\"https:\/\/cedom-madoc.be\/fr\/library\/\" title=\"Biblioth\u00e8que\" target=\"\">Biblioth\u00e8que<\/a><\/li><li class=\"count-2\"><a class=\"button block cut-corners cut-1\" href=\"https:\/\/cedom-madoc.be\/fr\/archives\/\" title=\"Archives\" target=\"\">Archives<\/a><\/li><\/ul><\/nav><\/section>","protected":false},"excerpt":{"rendered":"<p>Le Grand Orient de Belgique a \u00e9t\u00e9 fond\u00e9 en 1833. Un an plus tard, le 20 novembre 1834, l&rsquo;Universit\u00e9 Libre de Bruxelles a \u00e9t\u00e9 cr\u00e9\u00e9e sous l\u2019impulsion du Grand Orient de Belgique cependant qu\u2019une universit\u00e9 catholique voyait le jour \u00e0 Malines. L&rsquo;architecte principal de ce projet \u00e9tait Pierre-Th\u00e9odore Verhaegen. Le Grand Orient de Belgique a [&hellip;]<\/p>\n","protected":false},"author":1,"featured_media":168,"parent":0,"menu_order":0,"comment_status":"closed","ping_status":"closed","template":"","meta":{"_acf_changed":false,"footnotes":""},"acf":[],"yoast_head":"<!-- This site is optimized with the Yoast SEO plugin v24.5 - https:\/\/yoast.com\/wordpress\/plugins\/seo\/ -->\n<title>Grand Orient de Belgique - Cedom Madoc<\/title>\n<meta name=\"robots\" content=\"index, follow, max-snippet:-1, max-image-preview:large, max-video-preview:-1\" \/>\n<link rel=\"canonical\" href=\"https:\/\/cedom-madoc.be\/fr\/grand-orient-de-belgique\/\" \/>\n<meta property=\"og:locale\" content=\"fr_FR\" \/>\n<meta property=\"og:type\" content=\"article\" \/>\n<meta property=\"og:title\" content=\"Grand Orient de Belgique - Cedom Madoc\" \/>\n<meta property=\"og:description\" content=\"Le Grand Orient de Belgique a \u00e9t\u00e9 fond\u00e9 en 1833. Un an plus tard, le 20 novembre 1834, l&rsquo;Universit\u00e9 Libre de Bruxelles a \u00e9t\u00e9 cr\u00e9\u00e9e sous l\u2019impulsion du Grand Orient de Belgique cependant qu\u2019une universit\u00e9 catholique voyait le jour \u00e0 Malines. L&rsquo;architecte principal de ce projet \u00e9tait Pierre-Th\u00e9odore Verhaegen. Le Grand Orient de Belgique a [&hellip;]\" \/>\n<meta property=\"og:url\" content=\"https:\/\/cedom-madoc.be\/fr\/grand-orient-de-belgique\/\" \/>\n<meta property=\"og:site_name\" content=\"Cedom Madoc\" \/>\n<meta property=\"article:modified_time\" content=\"2024-02-13T13:47:58+00:00\" \/>\n<meta property=\"og:image\" content=\"https:\/\/cedom-madoc.be\/wp-content\/uploads\/2024\/01\/04-12-2023-15-2000.jpg\" \/>\n\t<meta property=\"og:image:width\" content=\"2000\" \/>\n\t<meta property=\"og:image:height\" content=\"1333\" \/>\n\t<meta property=\"og:image:type\" content=\"image\/jpeg\" \/>\n<meta name=\"twitter:card\" content=\"summary_large_image\" \/>\n<meta name=\"twitter:label1\" content=\"Dur\u00e9e de lecture estim\u00e9e\" \/>\n\t<meta name=\"twitter:data1\" content=\"2 minutes\" \/>\n<script type=\"application\/ld+json\" class=\"yoast-schema-graph\">{\"@context\":\"https:\/\/schema.org\",\"@graph\":[{\"@type\":\"WebPage\",\"@id\":\"https:\/\/cedom-madoc.be\/fr\/grand-orient-de-belgique\/\",\"url\":\"https:\/\/cedom-madoc.be\/fr\/grand-orient-de-belgique\/\",\"name\":\"Grand Orient de Belgique - Cedom Madoc\",\"isPartOf\":{\"@id\":\"https:\/\/cedom-madoc.be\/fr\/#website\"},\"primaryImageOfPage\":{\"@id\":\"https:\/\/cedom-madoc.be\/fr\/grand-orient-de-belgique\/#primaryimage\"},\"image\":{\"@id\":\"https:\/\/cedom-madoc.be\/fr\/grand-orient-de-belgique\/#primaryimage\"},\"thumbnailUrl\":\"https:\/\/cedom-madoc.be\/wp-content\/uploads\/2024\/01\/04-12-2023-15-2000.jpg\",\"datePublished\":\"2024-01-12T14:24:10+00:00\",\"dateModified\":\"2024-02-13T13:47:58+00:00\",\"breadcrumb\":{\"@id\":\"https:\/\/cedom-madoc.be\/fr\/grand-orient-de-belgique\/#breadcrumb\"},\"inLanguage\":\"fr-FR\",\"potentialAction\":[{\"@type\":\"ReadAction\",\"target\":[\"https:\/\/cedom-madoc.be\/fr\/grand-orient-de-belgique\/\"]}]},{\"@type\":\"ImageObject\",\"inLanguage\":\"fr-FR\",\"@id\":\"https:\/\/cedom-madoc.be\/fr\/grand-orient-de-belgique\/#primaryimage\",\"url\":\"https:\/\/cedom-madoc.be\/wp-content\/uploads\/2024\/01\/04-12-2023-15-2000.jpg\",\"contentUrl\":\"https:\/\/cedom-madoc.be\/wp-content\/uploads\/2024\/01\/04-12-2023-15-2000.jpg\",\"width\":2000,\"height\":1333},{\"@type\":\"BreadcrumbList\",\"@id\":\"https:\/\/cedom-madoc.be\/fr\/grand-orient-de-belgique\/#breadcrumb\",\"itemListElement\":[{\"@type\":\"ListItem\",\"position\":1,\"name\":\"Cedom-Madoc\",\"item\":\"https:\/\/cedom-madoc.be\/fr\/\"},{\"@type\":\"ListItem\",\"position\":2,\"name\":\"Grand Orient de Belgique\"}]},{\"@type\":\"WebSite\",\"@id\":\"https:\/\/cedom-madoc.be\/fr\/#website\",\"url\":\"https:\/\/cedom-madoc.be\/fr\/\",\"name\":\"Cedom Madoc\",\"description\":\"\",\"publisher\":{\"@id\":\"https:\/\/cedom-madoc.be\/fr\/#organization\"},\"potentialAction\":[{\"@type\":\"SearchAction\",\"target\":{\"@type\":\"EntryPoint\",\"urlTemplate\":\"https:\/\/cedom-madoc.be\/fr\/?s={search_term_string}\"},\"query-input\":{\"@type\":\"PropertyValueSpecification\",\"valueRequired\":true,\"valueName\":\"search_term_string\"}}],\"inLanguage\":\"fr-FR\"},{\"@type\":\"Organization\",\"@id\":\"https:\/\/cedom-madoc.be\/fr\/#organization\",\"name\":\"Cedom Madoc\",\"url\":\"https:\/\/cedom-madoc.be\/fr\/\",\"logo\":{\"@type\":\"ImageObject\",\"inLanguage\":\"fr-FR\",\"@id\":\"https:\/\/cedom-madoc.be\/fr\/#\/schema\/logo\/image\/\",\"url\":\"https:\/\/cedom-madoc.be\/wp-content\/uploads\/2024\/01\/logo-cedom-text-nb.svg\",\"contentUrl\":\"https:\/\/cedom-madoc.be\/wp-content\/uploads\/2024\/01\/logo-cedom-text-nb.svg\",\"caption\":\"Cedom Madoc\"},\"image\":{\"@id\":\"https:\/\/cedom-madoc.be\/fr\/#\/schema\/logo\/image\/\"}}]}<\/script>\n<!-- \/ Yoast SEO plugin. -->","yoast_head_json":{"title":"Grand Orient de Belgique - Cedom Madoc","robots":{"index":"index","follow":"follow","max-snippet":"max-snippet:-1","max-image-preview":"max-image-preview:large","max-video-preview":"max-video-preview:-1"},"canonical":"https:\/\/cedom-madoc.be\/fr\/grand-orient-de-belgique\/","og_locale":"fr_FR","og_type":"article","og_title":"Grand Orient de Belgique - Cedom Madoc","og_description":"Le Grand Orient de Belgique a \u00e9t\u00e9 fond\u00e9 en 1833. Un an plus tard, le 20 novembre 1834, l&rsquo;Universit\u00e9 Libre de Bruxelles a \u00e9t\u00e9 cr\u00e9\u00e9e sous l\u2019impulsion du Grand Orient de Belgique cependant qu\u2019une universit\u00e9 catholique voyait le jour \u00e0 Malines. L&rsquo;architecte principal de ce projet \u00e9tait Pierre-Th\u00e9odore Verhaegen. Le Grand Orient de Belgique a [&hellip;]","og_url":"https:\/\/cedom-madoc.be\/fr\/grand-orient-de-belgique\/","og_site_name":"Cedom Madoc","article_modified_time":"2024-02-13T13:47:58+00:00","og_image":[{"width":2000,"height":1333,"url":"https:\/\/cedom-madoc.be\/wp-content\/uploads\/2024\/01\/04-12-2023-15-2000.jpg","type":"image\/jpeg"}],"twitter_card":"summary_large_image","twitter_misc":{"Dur\u00e9e de lecture estim\u00e9e":"2 minutes"},"schema":{"@context":"https:\/\/schema.org","@graph":[{"@type":"WebPage","@id":"https:\/\/cedom-madoc.be\/fr\/grand-orient-de-belgique\/","url":"https:\/\/cedom-madoc.be\/fr\/grand-orient-de-belgique\/","name":"Grand Orient de Belgique - Cedom Madoc","isPartOf":{"@id":"https:\/\/cedom-madoc.be\/fr\/#website"},"primaryImageOfPage":{"@id":"https:\/\/cedom-madoc.be\/fr\/grand-orient-de-belgique\/#primaryimage"},"image":{"@id":"https:\/\/cedom-madoc.be\/fr\/grand-orient-de-belgique\/#primaryimage"},"thumbnailUrl":"https:\/\/cedom-madoc.be\/wp-content\/uploads\/2024\/01\/04-12-2023-15-2000.jpg","datePublished":"2024-01-12T14:24:10+00:00","dateModified":"2024-02-13T13:47:58+00:00","breadcrumb":{"@id":"https:\/\/cedom-madoc.be\/fr\/grand-orient-de-belgique\/#breadcrumb"},"inLanguage":"fr-FR","potentialAction":[{"@type":"ReadAction","target":["https:\/\/cedom-madoc.be\/fr\/grand-orient-de-belgique\/"]}]},{"@type":"ImageObject","inLanguage":"fr-FR","@id":"https:\/\/cedom-madoc.be\/fr\/grand-orient-de-belgique\/#primaryimage","url":"https:\/\/cedom-madoc.be\/wp-content\/uploads\/2024\/01\/04-12-2023-15-2000.jpg","contentUrl":"https:\/\/cedom-madoc.be\/wp-content\/uploads\/2024\/01\/04-12-2023-15-2000.jpg","width":2000,"height":1333},{"@type":"BreadcrumbList","@id":"https:\/\/cedom-madoc.be\/fr\/grand-orient-de-belgique\/#breadcrumb","itemListElement":[{"@type":"ListItem","position":1,"name":"Cedom-Madoc","item":"https:\/\/cedom-madoc.be\/fr\/"},{"@type":"ListItem","position":2,"name":"Grand Orient de Belgique"}]},{"@type":"WebSite","@id":"https:\/\/cedom-madoc.be\/fr\/#website","url":"https:\/\/cedom-madoc.be\/fr\/","name":"Cedom Madoc","description":"","publisher":{"@id":"https:\/\/cedom-madoc.be\/fr\/#organization"},"potentialAction":[{"@type":"SearchAction","target":{"@type":"EntryPoint","urlTemplate":"https:\/\/cedom-madoc.be\/fr\/?s={search_term_string}"},"query-input":{"@type":"PropertyValueSpecification","valueRequired":true,"valueName":"search_term_string"}}],"inLanguage":"fr-FR"},{"@type":"Organization","@id":"https:\/\/cedom-madoc.be\/fr\/#organization","name":"Cedom Madoc","url":"https:\/\/cedom-madoc.be\/fr\/","logo":{"@type":"ImageObject","inLanguage":"fr-FR","@id":"https:\/\/cedom-madoc.be\/fr\/#\/schema\/logo\/image\/","url":"https:\/\/cedom-madoc.be\/wp-content\/uploads\/2024\/01\/logo-cedom-text-nb.svg","contentUrl":"https:\/\/cedom-madoc.be\/wp-content\/uploads\/2024\/01\/logo-cedom-text-nb.svg","caption":"Cedom Madoc"},"image":{"@id":"https:\/\/cedom-madoc.be\/fr\/#\/schema\/logo\/image\/"}}]}},"_links":{"self":[{"href":"https:\/\/cedom-madoc.be\/fr\/wp-json\/wp\/v2\/pages\/231"}],"collection":[{"href":"https:\/\/cedom-madoc.be\/fr\/wp-json\/wp\/v2\/pages"}],"about":[{"href":"https:\/\/cedom-madoc.be\/fr\/wp-json\/wp\/v2\/types\/page"}],"author":[{"embeddable":true,"href":"https:\/\/cedom-madoc.be\/fr\/wp-json\/wp\/v2\/users\/1"}],"replies":[{"embeddable":true,"href":"https:\/\/cedom-madoc.be\/fr\/wp-json\/wp\/v2\/comments?post=231"}],"version-history":[{"count":8,"href":"https:\/\/cedom-madoc.be\/fr\/wp-json\/wp\/v2\/pages\/231\/revisions"}],"predecessor-version":[{"id":759,"href":"https:\/\/cedom-madoc.be\/fr\/wp-json\/wp\/v2\/pages\/231\/revisions\/759"}],"wp:featuredmedia":[{"embeddable":true,"href":"https:\/\/cedom-madoc.be\/fr\/wp-json\/wp\/v2\/media\/168"}],"wp:attachment":[{"href":"https:\/\/cedom-madoc.be\/fr\/wp-json\/wp\/v2\/media?parent=231"}],"curies":[{"name":"wp","href":"https:\/\/api.w.org\/{rel}","templated":true}]}}